



{"id":235050,"date":"2026-08-20T21:40:31","date_gmt":"2026-08-20T18:40:31","guid":{"rendered":"https:\/\/www.vilnius-events.lt\/?post_type=event&#038;p=235050"},"modified":"2026-08-20T21:40:31","modified_gmt":"2026-08-20T18:40:31","slug":"lt-parodos-tanchumas-kaplanas-nuo-od-i-iki-vaizd-atidarymas-en-opening-of-the-exhibition-tanchum-kaplan-from-words-to-images-ru-parodos-tanchumas-kaplanas-nuo-od-i-iki-vaizd-atidarymas","status":"publish","type":"event","link":"https:\/\/www.vilnius-events.lt\/en\/event\/opening-of-the-exhibition-tanchum-kaplan-from-words-to-images\/","title":{"rendered":"Opening of the exhibition &#8220;Tanchum Kaplan. From Words to Images&#8221;"},"content":{"rendered":"<p><strong>On 4 September at 5.00 pm, the opening of the exhibition \u2018Tanchum Kaplan: From Words to Images\u2019 will take place at the Martynas Ma\u017evydas National Library of Lithuania (atrium, 3rd floor). This event will mark the European Days of Jewish Culture.<\/strong><\/p>\n<p>The exhibition presents the work of the Litvak artist Tanchum ben Levi Kaplan (1902\u20131980), also known as Anatoly Kaplan. A central theme in Kaplan\u2019s work is the Jewish world of small towns \u2013 the shtetls \u2013 much of which was destroyed during the Holocaust. In his colourful and expressive lithographs, the characters of Sholem Aleichem, a classic of Yiddish literature, come to life, alongside motifs from folk songs, scenes from everyday life and traditions.<\/p>\n<p>The exhibition offers a rare opportunity to discover an artist who was virtually the only painter in the Soviet Union permitted to consistently explore Jewish themes and preserve the Jewish artistic tradition. His works have garnered international recognition in London, New York and other art venues around the world, and today offer a fresh perspective on the cultural heritage of the Litvaks and its significance in European history.<\/p>\n<p>The Tanchum Kaplan exhibition at the National Library of Lithuania features works from the series \u2018The Bewitched Tailor\u2019, \u2018Stempenyu\u2019, \u2018Jewish Folk Songs\u2019 and \u2018One Little Goat\u2019 from the collection of Tanya Rubinstein-Horowitz (Germany\u2013Israel). Tanya Rubinstein-Horowitz, granddaughter of the renowned art collector Jakov Rubinstein, followed in her grandfather\u2019s footsteps by promoting the remarkable work of 20th-century Jewish artists. In 2025, works from her collection were exhibited in the synagogues of Joni\u0161kis and K\u0117dainiai. The exhibition is curated by Dr Olga Sugrobova-Roth (Germany), with Dr Lara Lempertien\u0117 (Judaica Research Center) acting as consultant and text editor.<\/p>\n<p><strong>Pianist<\/strong> <strong>Adam Chen-Adamov<\/strong> and <strong>cellist<\/strong> <strong>Alma Bar-Sinai<\/strong> (Israel) will perform at the exhibition opening.<\/p>\n<hr \/>\n<p>Our sincere thanks go to Daumantas Levas Todesas, Chairman of the Lithuanian Jewish Cultural Heritage Route Association, for his assistance in organising the exhibition.<\/p>\n<p>Exhibition team: Algirdas Jakas, Akvil\u0117 Pauk\u0161tyt\u0117, Daura Polonskyt\u0117, Vilt\u0117 Barbora Vili\u016bnait\u0117, Jolanta Kanapickait\u0117, \u017dilvinas Baranauskas. Texts were translated from Yiddish by Aist\u0117 Puidokait\u0117 and Rasa Stakauskait\u0117.<\/p>\n<p>Visitors will be able to view the exhibition in the 5th-century atrium of the National Library until 4 November 2026.<\/p>","protected":false},"featured_media":235051,"template":"","categories":[12,10],"tags":[],"ticket-vendor":[],"class_list":["post-235050","event","type-event","status-publish","has-post-thumbnail","hentry","category-nemokami-renginiai","category-parodos"],"acf":[],"aioseo_notices":[],"aioseo_head":"\n\t\t<!-- All in One SEO 5.0.1.1 - aioseo.com -->\n\t<meta name=\"description\" content=\"On 4 September at 5.00 pm, the opening of the exhibition \u2018Tanchum Kaplan: From Words to Images\u2019 will take place at the Martynas Ma\u017evydas National Library of Lithuania (atrium, 3rd floor). This event will mark the European Days of Jewish Culture. The exhibition presents the work of the Litvak artist Tanchum ben Levi Kaplan (1902\u20131980),\" \/>\n\t<meta name=\"robots\" content=\"max-image-preview:large\" \/>\n\t<meta name=\"keywords\" content=\"free admission,art and exhibitions\" \/>\n\t<link rel=\"canonical\" href=\"https:\/\/www.vilnius-events.lt\/en\/event\/opening-of-the-exhibition-tanchum-kaplan-from-words-to-images\/\" \/>\n\t<meta name=\"generator\" content=\"All in One SEO (AIOSEO) 5.0.1.1\" \/>\n\t\t<meta property=\"og:locale\" content=\"en_US\" \/>\n\t\t<meta property=\"og:site_name\" content=\"Vilnius events\" \/>\n\t\t<meta property=\"og:type\" content=\"article\" \/>\n\t\t<meta property=\"og:title\" content=\"Opening of the exhibition \u201cTanchum Kaplan. From Words to Images\u201d | Vilnius Events\" \/>\n\t\t<meta property=\"og:description\" content=\"On 4 September at 5.00 pm, the opening of the exhibition \u2018Tanchum Kaplan: From Words to Images\u2019 will take place at the Martynas Ma\u017evydas National Library of Lithuania (atrium, 3rd floor). This event will mark the European Days of Jewish Culture. The exhibition presents the work of the Litvak artist Tanchum ben Levi Kaplan (1902\u20131980),\" \/>\n\t\t<meta property=\"og:url\" content=\"https:\/\/www.vilnius-events.lt\/en\/event\/opening-of-the-exhibition-tanchum-kaplan-from-words-to-images\/\" \/>\n\t\t<meta property=\"og:image\" content=\"https:\/\/www.vilnius-events.lt\/wp-content\/uploads\/2026\/08\/Paroda_Tanchumas-Kaplanas-750x600-1.jpg\" \/>\n\t\t<meta property=\"og:image:secure_url\" content=\"https:\/\/www.vilnius-events.lt\/wp-content\/uploads\/2026\/08\/Paroda_Tanchumas-Kaplanas-750x600-1.jpg\" \/>\n\t\t<meta property=\"og:image:width\" content=\"750\" \/>\n\t\t<meta property=\"og:image:height\" content=\"600\" \/>\n\t\t<meta property=\"article:published_time\" content=\"2026-08-20T18:40:31+00:00\" \/>\n\t\t<meta property=\"article:modified_time\" content=\"2026-08-20T18:40:31+00:00\" \/>\n\t\t<meta property=\"article:publisher\" content=\"https:\/\/www.facebook.com\/govilnius.lt\" \/>\n\t\t<meta name=\"twitter:card\" content=\"summary\" \/>\n\t\t<meta name=\"twitter:site\" content=\"@govilnius\" \/>\n\t\t<meta name=\"twitter:title\" content=\"Opening of the exhibition \u201cTanchum Kaplan. From Words to Images\u201d | Vilnius Events\" \/>\n\t\t<meta name=\"twitter:description\" content=\"On 4 September at 5.00 pm, the opening of the exhibition \u2018Tanchum Kaplan: From Words to Images\u2019 will take place at the Martynas Ma\u017evydas National Library of Lithuania (atrium, 3rd floor). This event will mark the European Days of Jewish Culture. The exhibition presents the work of the Litvak artist Tanchum ben Levi Kaplan (1902\u20131980),\" \/>\n\t\t<meta name=\"twitter:image\" content=\"https:\/\/www.vilnius-events.lt\/wp-content\/uploads\/2026\/08\/Paroda_Tanchumas-Kaplanas-750x600-1.jpg\" \/>\n\t\t<script type=\"application\/ld+json\" class=\"aioseo-schema\">\n\t\t\t{\"@context\":\"https:\\\/\\\/schema.org\",\"@graph\":[{\"@type\":\"BreadcrumbList\",\"@id\":\"https:\\\/\\\/www.vilnius-events.lt\\\/en\\\/event\\\/opening-of-the-exhibition-tanchum-kaplan-from-words-to-images\\\/#breadcrumblist\",\"itemListElement\":[{\"@type\":\"ListItem\",\"@id\":\"https:\\\/\\\/www.vilnius-events.lt\\\/en#listItem\",\"position\":1,\"name\":\"Home\",\"item\":\"https:\\\/\\\/www.vilnius-events.lt\\\/en\",\"nextItem\":{\"@type\":\"ListItem\",\"@id\":\"https:\\\/\\\/www.vilnius-events.lt\\\/en\\\/category\\\/nemokami-renginiai\\\/#listItem\",\"name\":\"Free Admission\"}},{\"@type\":\"ListItem\",\"@id\":\"https:\\\/\\\/www.vilnius-events.lt\\\/en\\\/category\\\/nemokami-renginiai\\\/#listItem\",\"position\":2,\"name\":\"Free Admission\",\"item\":\"https:\\\/\\\/www.vilnius-events.lt\\\/en\\\/category\\\/nemokami-renginiai\\\/\",\"nextItem\":{\"@type\":\"ListItem\",\"@id\":\"https:\\\/\\\/www.vilnius-events.lt\\\/en\\\/event\\\/opening-of-the-exhibition-tanchum-kaplan-from-words-to-images\\\/#listItem\",\"name\":\"Opening of the exhibition &#8220;Tanchum Kaplan. From Words to Images&#8221;\"},\"previousItem\":{\"@type\":\"ListItem\",\"@id\":\"https:\\\/\\\/www.vilnius-events.lt\\\/en#listItem\",\"name\":\"Home\"}},{\"@type\":\"ListItem\",\"@id\":\"https:\\\/\\\/www.vilnius-events.lt\\\/en\\\/event\\\/opening-of-the-exhibition-tanchum-kaplan-from-words-to-images\\\/#listItem\",\"position\":3,\"name\":\"Opening of the exhibition &#8220;Tanchum Kaplan. From Words to Images&#8221;\",\"previousItem\":{\"@type\":\"ListItem\",\"@id\":\"https:\\\/\\\/www.vilnius-events.lt\\\/en\\\/category\\\/nemokami-renginiai\\\/#listItem\",\"name\":\"Free Admission\"}}]},{\"@type\":\"Organization\",\"@id\":\"https:\\\/\\\/www.vilnius-events.lt\\\/en\\\/#organization\",\"name\":\"Go Vilnius\",\"url\":\"https:\\\/\\\/www.vilnius-events.lt\\\/en\\\/\",\"logo\":{\"@type\":\"ImageObject\",\"url\":\"https:\\\/\\\/www.vilnius-events.lt\\\/wp-content\\\/themes\\\/vilniusevents\\\/assets\\\/images\\\/logo.png\",\"@id\":\"https:\\\/\\\/www.vilnius-events.lt\\\/en\\\/event\\\/opening-of-the-exhibition-tanchum-kaplan-from-words-to-images\\\/#organizationLogo\"},\"image\":{\"@id\":\"https:\\\/\\\/www.vilnius-events.lt\\\/en\\\/event\\\/opening-of-the-exhibition-tanchum-kaplan-from-words-to-images\\\/#organizationLogo\"},\"sameAs\":[\"https:\\\/\\\/www.instagram.com\\\/govilnius\\\/\",\"https:\\\/\\\/www.linkedin.com\\\/company\\\/go-vilnius\"]},{\"@type\":\"WebPage\",\"@id\":\"https:\\\/\\\/www.vilnius-events.lt\\\/en\\\/event\\\/opening-of-the-exhibition-tanchum-kaplan-from-words-to-images\\\/#webpage\",\"url\":\"https:\\\/\\\/www.vilnius-events.lt\\\/en\\\/event\\\/opening-of-the-exhibition-tanchum-kaplan-from-words-to-images\\\/\",\"name\":\"Opening of the exhibition \\u201cTanchum Kaplan. From Words to Images\\u201d | Vilnius Events\",\"description\":\"On 4 September at 5.00 pm, the opening of the exhibition \\u2018Tanchum Kaplan: From Words to Images\\u2019 will take place at the Martynas Ma\\u017evydas National Library of Lithuania (atrium, 3rd floor). This event will mark the European Days of Jewish Culture. The exhibition presents the work of the Litvak artist Tanchum ben Levi Kaplan (1902\\u20131980),\",\"inLanguage\":\"en-US\",\"isPartOf\":{\"@id\":\"https:\\\/\\\/www.vilnius-events.lt\\\/en\\\/#website\"},\"breadcrumb\":{\"@id\":\"https:\\\/\\\/www.vilnius-events.lt\\\/en\\\/event\\\/opening-of-the-exhibition-tanchum-kaplan-from-words-to-images\\\/#breadcrumblist\"},\"image\":{\"@type\":\"ImageObject\",\"url\":\"https:\\\/\\\/www.vilnius-events.lt\\\/wp-content\\\/uploads\\\/2026\\\/08\\\/Paroda_Tanchumas-Kaplanas-750x600-1.jpg\",\"@id\":\"https:\\\/\\\/www.vilnius-events.lt\\\/en\\\/event\\\/opening-of-the-exhibition-tanchum-kaplan-from-words-to-images\\\/#mainImage\",\"width\":750,\"height\":600},\"primaryImageOfPage\":{\"@id\":\"https:\\\/\\\/www.vilnius-events.lt\\\/en\\\/event\\\/opening-of-the-exhibition-tanchum-kaplan-from-words-to-images\\\/#mainImage\"},\"datePublished\":\"2026-08-20T21:40:31+03:00\",\"dateModified\":\"2026-08-20T21:40:31+03:00\"},{\"@type\":\"WebSite\",\"@id\":\"https:\\\/\\\/www.vilnius-events.lt\\\/en\\\/#website\",\"url\":\"https:\\\/\\\/www.vilnius-events.lt\\\/en\\\/\",\"name\":\"Vilnius Events\",\"inLanguage\":\"en-US\",\"publisher\":{\"@id\":\"https:\\\/\\\/www.vilnius-events.lt\\\/en\\\/#organization\"}}]}\n\t\t<\/script>\n\t\t<!-- All in One SEO -->\n\n","aioseo_head_json":{"title":"Opening of the exhibition \u201cTanchum Kaplan. From Words to Images\u201d | Vilnius Events","description":"On 4 September at 5.00 pm, the opening of the exhibition \u2018Tanchum Kaplan: From Words to Images\u2019 will take place at the Martynas Ma\u017evydas National Library of Lithuania (atrium, 3rd floor). This event will mark the European Days of Jewish Culture. The exhibition presents the work of the Litvak artist Tanchum ben Levi Kaplan (1902\u20131980),","canonical_url":"https:\/\/www.vilnius-events.lt\/en\/event\/opening-of-the-exhibition-tanchum-kaplan-from-words-to-images\/","robots":"max-image-preview:large","keywords":"free admission,art and exhibitions","webmasterTools":{"miscellaneous":""},"schema":{"@context":"https:\/\/schema.org","@graph":[{"@type":"BreadcrumbList","@id":"https:\/\/www.vilnius-events.lt\/en\/event\/opening-of-the-exhibition-tanchum-kaplan-from-words-to-images\/#breadcrumblist","itemListElement":[{"@type":"ListItem","@id":"https:\/\/www.vilnius-events.lt\/en#listItem","position":1,"name":"Home","item":"https:\/\/www.vilnius-events.lt\/en","nextItem":{"@type":"ListItem","@id":"https:\/\/www.vilnius-events.lt\/en\/category\/nemokami-renginiai\/#listItem","name":"Free Admission"}},{"@type":"ListItem","@id":"https:\/\/www.vilnius-events.lt\/en\/category\/nemokami-renginiai\/#listItem","position":2,"name":"Free Admission","item":"https:\/\/www.vilnius-events.lt\/en\/category\/nemokami-renginiai\/","nextItem":{"@type":"ListItem","@id":"https:\/\/www.vilnius-events.lt\/en\/event\/opening-of-the-exhibition-tanchum-kaplan-from-words-to-images\/#listItem","name":"Opening of the exhibition &#8220;Tanchum Kaplan. From Words to Images&#8221;"},"previousItem":{"@type":"ListItem","@id":"https:\/\/www.vilnius-events.lt\/en#listItem","name":"Home"}},{"@type":"ListItem","@id":"https:\/\/www.vilnius-events.lt\/en\/event\/opening-of-the-exhibition-tanchum-kaplan-from-words-to-images\/#listItem","position":3,"name":"Opening of the exhibition &#8220;Tanchum Kaplan. From Words to Images&#8221;","previousItem":{"@type":"ListItem","@id":"https:\/\/www.vilnius-events.lt\/en\/category\/nemokami-renginiai\/#listItem","name":"Free Admission"}}]},{"@type":"Organization","@id":"https:\/\/www.vilnius-events.lt\/en\/#organization","name":"Go Vilnius","url":"https:\/\/www.vilnius-events.lt\/en\/","logo":{"@type":"ImageObject","url":"https:\/\/www.vilnius-events.lt\/wp-content\/themes\/vilniusevents\/assets\/images\/logo.png","@id":"https:\/\/www.vilnius-events.lt\/en\/event\/opening-of-the-exhibition-tanchum-kaplan-from-words-to-images\/#organizationLogo"},"image":{"@id":"https:\/\/www.vilnius-events.lt\/en\/event\/opening-of-the-exhibition-tanchum-kaplan-from-words-to-images\/#organizationLogo"},"sameAs":["https:\/\/www.instagram.com\/govilnius\/","https:\/\/www.linkedin.com\/company\/go-vilnius"]},{"@type":"WebPage","@id":"https:\/\/www.vilnius-events.lt\/en\/event\/opening-of-the-exhibition-tanchum-kaplan-from-words-to-images\/#webpage","url":"https:\/\/www.vilnius-events.lt\/en\/event\/opening-of-the-exhibition-tanchum-kaplan-from-words-to-images\/","name":"Opening of the exhibition \u201cTanchum Kaplan. From Words to Images\u201d | Vilnius Events","description":"On 4 September at 5.00 pm, the opening of the exhibition \u2018Tanchum Kaplan: From Words to Images\u2019 will take place at the Martynas Ma\u017evydas National Library of Lithuania (atrium, 3rd floor). This event will mark the European Days of Jewish Culture. The exhibition presents the work of the Litvak artist Tanchum ben Levi Kaplan (1902\u20131980),","inLanguage":"en-US","isPartOf":{"@id":"https:\/\/www.vilnius-events.lt\/en\/#website"},"breadcrumb":{"@id":"https:\/\/www.vilnius-events.lt\/en\/event\/opening-of-the-exhibition-tanchum-kaplan-from-words-to-images\/#breadcrumblist"},"image":{"@type":"ImageObject","url":"https:\/\/www.vilnius-events.lt\/wp-content\/uploads\/2026\/08\/Paroda_Tanchumas-Kaplanas-750x600-1.jpg","@id":"https:\/\/www.vilnius-events.lt\/en\/event\/opening-of-the-exhibition-tanchum-kaplan-from-words-to-images\/#mainImage","width":750,"height":600},"primaryImageOfPage":{"@id":"https:\/\/www.vilnius-events.lt\/en\/event\/opening-of-the-exhibition-tanchum-kaplan-from-words-to-images\/#mainImage"},"datePublished":"2026-08-20T21:40:31+03:00","dateModified":"2026-08-20T21:40:31+03:00"},{"@type":"WebSite","@id":"https:\/\/www.vilnius-events.lt\/en\/#website","url":"https:\/\/www.vilnius-events.lt\/en\/","name":"Vilnius Events","inLanguage":"en-US","publisher":{"@id":"https:\/\/www.vilnius-events.lt\/en\/#organization"}}]},"og:locale":"en_US","og:site_name":"Vilnius events","og:type":"article","og:title":"Opening of the exhibition \u201cTanchum Kaplan. From Words to Images\u201d | Vilnius Events","og:description":"On 4 September at 5.00 pm, the opening of the exhibition \u2018Tanchum Kaplan: From Words to Images\u2019 will take place at the Martynas Ma\u017evydas National Library of Lithuania (atrium, 3rd floor). This event will mark the European Days of Jewish Culture. The exhibition presents the work of the Litvak artist Tanchum ben Levi Kaplan (1902\u20131980),","og:url":"https:\/\/www.vilnius-events.lt\/en\/event\/opening-of-the-exhibition-tanchum-kaplan-from-words-to-images\/","og:image":"https:\/\/www.vilnius-events.lt\/wp-content\/uploads\/2026\/08\/Paroda_Tanchumas-Kaplanas-750x600-1.jpg","og:image:secure_url":"https:\/\/www.vilnius-events.lt\/wp-content\/uploads\/2026\/08\/Paroda_Tanchumas-Kaplanas-750x600-1.jpg","og:image:width":750,"og:image:height":600,"article:published_time":"2026-08-20T18:40:31+00:00","article:modified_time":"2026-08-20T18:40:31+00:00","article:publisher":"https:\/\/www.facebook.com\/govilnius.lt","twitter:card":"summary","twitter:site":"@govilnius","twitter:title":"Opening of the exhibition \u201cTanchum Kaplan. From Words to Images\u201d | Vilnius Events","twitter:description":"On 4 September at 5.00 pm, the opening of the exhibition \u2018Tanchum Kaplan: From Words to Images\u2019 will take place at the Martynas Ma\u017evydas National Library of Lithuania (atrium, 3rd floor). This event will mark the European Days of Jewish Culture. The exhibition presents the work of the Litvak artist Tanchum ben Levi Kaplan (1902\u20131980),","twitter:image":"https:\/\/www.vilnius-events.lt\/wp-content\/uploads\/2026\/08\/Paroda_Tanchumas-Kaplanas-750x600-1.jpg"},"aioseo_meta_data":{"post_id":"235050","title":null,"description":null,"keywords":null,"keyphrases":{"focus":{"keyphrase":"","score":0,"analysis":{"keyphraseInTitle":{"score":0,"maxScore":9,"error":1}}},"additional":[]},"primary_term":null,"canonical_url":null,"og_title":null,"og_description":null,"og_object_type":"default","og_image_type":"default","og_image_url":null,"og_image_width":null,"og_image_height":null,"og_image_custom_url":null,"og_image_custom_fields":null,"og_video":"","og_custom_url":null,"og_article_section":null,"og_article_tags":null,"twitter_use_og":false,"twitter_card":"default","twitter_image_type":"default","twitter_image_url":null,"twitter_image_custom_url":null,"twitter_image_custom_fields":null,"twitter_title":null,"twitter_description":null,"schema":{"blockGraphs":[],"customGraphs":[],"default":{"data":{"Article":[],"Course":[],"Dataset":[],"FAQPage":[],"Movie":[],"Person":[],"Product":[],"ProductReview":[],"Car":[],"Recipe":[],"Service":[],"SoftwareApplication":[],"WebPage":[]},"graphName":"WebPage","isEnabled":true},"graphs":[]},"schema_type":"default","schema_type_options":null,"pillar_content":false,"robots_default":true,"robots_noindex":false,"robots_noarchive":false,"robots_nosnippet":false,"robots_nofollow":false,"robots_noimageindex":false,"robots_noodp":false,"robots_notranslate":false,"robots_max_snippet":"-1","robots_max_videopreview":"-1","robots_max_imagepreview":"large","priority":null,"frequency":"default","local_seo":null,"breadcrumb_settings":null,"limit_modified_date":false,"ai":{"faqs":[],"keyPoints":[],"schemas":[],"titles":[],"descriptions":[],"socialPosts":{"email":{"subject":"","preview":"","content":""},"linkedin":[],"twitter":[],"facebook":[],"instagram":[]}},"created":"2026-08-19 17:46:39","updated":"2026-08-20 18:40:33","seo_analyzer_scan_date":null,"focus_keyword":null,"additional_keywords":null,"truseo_locale":null},"_links":{"self":[{"href":"https:\/\/www.vilnius-events.lt\/en\/wp-json\/wp\/v2\/event\/235050","targetHints":{"allow":["GET"]}}],"collection":[{"href":"https:\/\/www.vilnius-events.lt\/en\/wp-json\/wp\/v2\/event"}],"about":[{"href":"https:\/\/www.vilnius-events.lt\/en\/wp-json\/wp\/v2\/types\/event"}],"wp:featuredmedia":[{"embeddable":true,"href":"https:\/\/www.vilnius-events.lt\/en\/wp-json\/wp\/v2\/media\/235051"}],"wp:attachment":[{"href":"https:\/\/www.vilnius-events.lt\/en\/wp-json\/wp\/v2\/media?parent=235050"}],"wp:term":[{"taxonomy":"category","embeddable":true,"href":"https:\/\/www.vilnius-events.lt\/en\/wp-json\/wp\/v2\/categories?post=235050"},{"taxonomy":"post_tag","embeddable":true,"href":"https:\/\/www.vilnius-events.lt\/en\/wp-json\/wp\/v2\/tags?post=235050"},{"taxonomy":"ticket-vendor","embeddable":true,"href":"https:\/\/www.vilnius-events.lt\/en\/wp-json\/wp\/v2\/ticket-vendor?post=235050"}],"curies":[{"name":"wp","href":"https:\/\/api.w.org\/{rel}","templated":true}]}}