



{"id":234597,"date":"2026-07-31T23:01:24","date_gmt":"2026-07-31T20:01:24","guid":{"rendered":"https:\/\/www.vilnius-events.lt\/?post_type=event&#038;p=234597"},"modified":"2026-08-12T13:57:49","modified_gmt":"2026-08-12T10:57:49","slug":"lt-vilnius-fashion-week-x-luki-ki-kal-jimas-2-0","status":"publish","type":"event","link":"https:\/\/www.vilnius-events.lt\/en\/event\/lt-vilnius-fashion-week-x-luki-ki-kal-jimas-2-0\/","title":{"rendered":"Vilnius Fashion Week x Luki\u0161k\u0117s Prison 2.0"},"content":{"rendered":"<p>One of the most distinctive events of Vilnius Fashion Week returns to Luki\u0161k\u0117s Prison 2.0 \u2013 a unique cultural space where fashion meets the city\u2019s history, creativity and community.<\/p>\n<p>On September 5, Luki\u0161k\u0117s Prison will become a meeting place for young designers, creators and fashion lovers for one day. Visitors can look forward to presentations of young designers\u2019 collections, inspiring talks, an open panel discussion, creative workshops, a pop-up space featuring Lithuanian creators, and an open-air screening of French director Lo\u00efc Prigent\u2019s documentary film <em>\u201cJacquemus, le prince soleil\u201d<\/em>.<\/p>\n<p>More information about the event programme and participants is available in the <a href=\"https:\/\/fb.me\/e\/4QyO5EbQ8\">Facebook event<\/a>.<\/p>","protected":false},"featured_media":234598,"template":"","categories":[12,7,10,18,1],"tags":[],"ticket-vendor":[],"class_list":["post-234597","event","type-event","status-publish","has-post-thumbnail","hentry","category-nemokami-renginiai","category-spektakliai","category-parodos","category-kiti","category-kaledos-sostineje"],"acf":[],"aioseo_notices":[],"aioseo_head":"\n\t\t<!-- All in One SEO 5.0.1.1 - aioseo.com -->\n\t<meta name=\"description\" content=\"One of the most distinctive events of Vilnius Fashion Week returns to Luki\u0161k\u0117s Prison 2.0 \u2013 a unique cultural space where fashion meets the city\u2019s history, creativity and community. On September 5, Luki\u0161k\u0117s Prison will become a meeting place for young designers, creators and fashion lovers for one day. Visitors can look forward to presentations\" \/>\n\t<meta name=\"robots\" content=\"max-image-preview:large\" \/>\n\t<meta name=\"keywords\" content=\"free admission,performances and show,art and exhibitions,other,tips of the week\" \/>\n\t<link rel=\"canonical\" href=\"https:\/\/www.vilnius-events.lt\/en\/event\/lt-vilnius-fashion-week-x-luki-ki-kal-jimas-2-0\/\" \/>\n\t<meta name=\"generator\" content=\"All in One SEO (AIOSEO) 5.0.1.1\" \/>\n\t\t<meta property=\"og:locale\" content=\"en_US\" \/>\n\t\t<meta property=\"og:site_name\" content=\"Vilnius events\" \/>\n\t\t<meta property=\"og:type\" content=\"article\" \/>\n\t\t<meta property=\"og:title\" content=\"Vilnius Fashion Week x Luki\u0161k\u0117s Prison 2.0 | Vilnius Events\" \/>\n\t\t<meta property=\"og:description\" content=\"One of the most distinctive events of Vilnius Fashion Week returns to Luki\u0161k\u0117s Prison 2.0 \u2013 a unique cultural space where fashion meets the city\u2019s history, creativity and community. On September 5, Luki\u0161k\u0117s Prison will become a meeting place for young designers, creators and fashion lovers for one day. Visitors can look forward to presentations\" \/>\n\t\t<meta property=\"og:url\" content=\"https:\/\/www.vilnius-events.lt\/en\/event\/lt-vilnius-fashion-week-x-luki-ki-kal-jimas-2-0\/\" \/>\n\t\t<meta property=\"og:image\" content=\"https:\/\/www.vilnius-events.lt\/wp-content\/uploads\/2026\/07\/739782083_122146124912417670_1747444160352835555_n.jpg\" \/>\n\t\t<meta property=\"og:image:secure_url\" content=\"https:\/\/www.vilnius-events.lt\/wp-content\/uploads\/2026\/07\/739782083_122146124912417670_1747444160352835555_n.jpg\" \/>\n\t\t<meta property=\"og:image:width\" content=\"750\" \/>\n\t\t<meta property=\"og:image:height\" content=\"600\" \/>\n\t\t<meta property=\"article:published_time\" content=\"2026-07-31T20:01:24+00:00\" \/>\n\t\t<meta property=\"article:modified_time\" content=\"2026-08-12T10:57:49+00:00\" \/>\n\t\t<meta property=\"article:publisher\" content=\"https:\/\/www.facebook.com\/govilnius.lt\" \/>\n\t\t<meta name=\"twitter:card\" content=\"summary\" \/>\n\t\t<meta name=\"twitter:site\" content=\"@govilnius\" \/>\n\t\t<meta name=\"twitter:title\" content=\"Vilnius Fashion Week x Luki\u0161k\u0117s Prison 2.0 | Vilnius Events\" \/>\n\t\t<meta name=\"twitter:description\" content=\"One of the most distinctive events of Vilnius Fashion Week returns to Luki\u0161k\u0117s Prison 2.0 \u2013 a unique cultural space where fashion meets the city\u2019s history, creativity and community. On September 5, Luki\u0161k\u0117s Prison will become a meeting place for young designers, creators and fashion lovers for one day. Visitors can look forward to presentations\" \/>\n\t\t<meta name=\"twitter:image\" content=\"https:\/\/www.vilnius-events.lt\/wp-content\/uploads\/2026\/07\/739782083_122146124912417670_1747444160352835555_n.jpg\" \/>\n\t\t<script type=\"application\/ld+json\" class=\"aioseo-schema\">\n\t\t\t{\"@context\":\"https:\\\/\\\/schema.org\",\"@graph\":[{\"@type\":\"BreadcrumbList\",\"@id\":\"https:\\\/\\\/www.vilnius-events.lt\\\/en\\\/event\\\/lt-vilnius-fashion-week-x-luki-ki-kal-jimas-2-0\\\/#breadcrumblist\",\"itemListElement\":[{\"@type\":\"ListItem\",\"@id\":\"https:\\\/\\\/www.vilnius-events.lt\\\/en#listItem\",\"position\":1,\"name\":\"Home\",\"item\":\"https:\\\/\\\/www.vilnius-events.lt\\\/en\",\"nextItem\":{\"@type\":\"ListItem\",\"@id\":\"https:\\\/\\\/www.vilnius-events.lt\\\/en\\\/category\\\/kiti\\\/#listItem\",\"name\":\"Other\"}},{\"@type\":\"ListItem\",\"@id\":\"https:\\\/\\\/www.vilnius-events.lt\\\/en\\\/category\\\/kiti\\\/#listItem\",\"position\":2,\"name\":\"Other\",\"item\":\"https:\\\/\\\/www.vilnius-events.lt\\\/en\\\/category\\\/kiti\\\/\",\"nextItem\":{\"@type\":\"ListItem\",\"@id\":\"https:\\\/\\\/www.vilnius-events.lt\\\/en\\\/category\\\/kiti\\\/top-renginiai\\\/#listItem\",\"name\":\"Tips of the week\"},\"previousItem\":{\"@type\":\"ListItem\",\"@id\":\"https:\\\/\\\/www.vilnius-events.lt\\\/en#listItem\",\"name\":\"Home\"}},{\"@type\":\"ListItem\",\"@id\":\"https:\\\/\\\/www.vilnius-events.lt\\\/en\\\/category\\\/kiti\\\/top-renginiai\\\/#listItem\",\"position\":3,\"name\":\"Tips of the week\",\"item\":\"https:\\\/\\\/www.vilnius-events.lt\\\/en\\\/category\\\/kiti\\\/top-renginiai\\\/\",\"nextItem\":{\"@type\":\"ListItem\",\"@id\":\"https:\\\/\\\/www.vilnius-events.lt\\\/en\\\/event\\\/lt-vilnius-fashion-week-x-luki-ki-kal-jimas-2-0\\\/#listItem\",\"name\":\"Vilnius Fashion Week x Luki\\u0161k\\u0117s Prison 2.0\"},\"previousItem\":{\"@type\":\"ListItem\",\"@id\":\"https:\\\/\\\/www.vilnius-events.lt\\\/en\\\/category\\\/kiti\\\/#listItem\",\"name\":\"Other\"}},{\"@type\":\"ListItem\",\"@id\":\"https:\\\/\\\/www.vilnius-events.lt\\\/en\\\/event\\\/lt-vilnius-fashion-week-x-luki-ki-kal-jimas-2-0\\\/#listItem\",\"position\":4,\"name\":\"Vilnius Fashion Week x Luki\\u0161k\\u0117s Prison 2.0\",\"previousItem\":{\"@type\":\"ListItem\",\"@id\":\"https:\\\/\\\/www.vilnius-events.lt\\\/en\\\/category\\\/kiti\\\/top-renginiai\\\/#listItem\",\"name\":\"Tips of the week\"}}]},{\"@type\":\"Organization\",\"@id\":\"https:\\\/\\\/www.vilnius-events.lt\\\/en\\\/#organization\",\"name\":\"Go Vilnius\",\"url\":\"https:\\\/\\\/www.vilnius-events.lt\\\/en\\\/\",\"logo\":{\"@type\":\"ImageObject\",\"url\":\"https:\\\/\\\/www.vilnius-events.lt\\\/wp-content\\\/themes\\\/vilniusevents\\\/assets\\\/images\\\/logo.png\",\"@id\":\"https:\\\/\\\/www.vilnius-events.lt\\\/en\\\/event\\\/lt-vilnius-fashion-week-x-luki-ki-kal-jimas-2-0\\\/#organizationLogo\"},\"image\":{\"@id\":\"https:\\\/\\\/www.vilnius-events.lt\\\/en\\\/event\\\/lt-vilnius-fashion-week-x-luki-ki-kal-jimas-2-0\\\/#organizationLogo\"},\"sameAs\":[\"https:\\\/\\\/www.instagram.com\\\/govilnius\\\/\",\"https:\\\/\\\/www.linkedin.com\\\/company\\\/go-vilnius\"]},{\"@type\":\"WebPage\",\"@id\":\"https:\\\/\\\/www.vilnius-events.lt\\\/en\\\/event\\\/lt-vilnius-fashion-week-x-luki-ki-kal-jimas-2-0\\\/#webpage\",\"url\":\"https:\\\/\\\/www.vilnius-events.lt\\\/en\\\/event\\\/lt-vilnius-fashion-week-x-luki-ki-kal-jimas-2-0\\\/\",\"name\":\"Vilnius Fashion Week x Luki\\u0161k\\u0117s Prison 2.0 | Vilnius Events\",\"description\":\"One of the most distinctive events of Vilnius Fashion Week returns to Luki\\u0161k\\u0117s Prison 2.0 \\u2013 a unique cultural space where fashion meets the city\\u2019s history, creativity and community. On September 5, Luki\\u0161k\\u0117s Prison will become a meeting place for young designers, creators and fashion lovers for one day. Visitors can look forward to presentations\",\"inLanguage\":\"en-US\",\"isPartOf\":{\"@id\":\"https:\\\/\\\/www.vilnius-events.lt\\\/en\\\/#website\"},\"breadcrumb\":{\"@id\":\"https:\\\/\\\/www.vilnius-events.lt\\\/en\\\/event\\\/lt-vilnius-fashion-week-x-luki-ki-kal-jimas-2-0\\\/#breadcrumblist\"},\"image\":{\"@type\":\"ImageObject\",\"url\":\"https:\\\/\\\/www.vilnius-events.lt\\\/wp-content\\\/uploads\\\/2026\\\/07\\\/739782083_122146124912417670_1747444160352835555_n.jpg\",\"@id\":\"https:\\\/\\\/www.vilnius-events.lt\\\/en\\\/event\\\/lt-vilnius-fashion-week-x-luki-ki-kal-jimas-2-0\\\/#mainImage\",\"width\":750,\"height\":600},\"primaryImageOfPage\":{\"@id\":\"https:\\\/\\\/www.vilnius-events.lt\\\/en\\\/event\\\/lt-vilnius-fashion-week-x-luki-ki-kal-jimas-2-0\\\/#mainImage\"},\"datePublished\":\"2026-07-31T23:01:24+03:00\",\"dateModified\":\"2026-08-12T13:57:49+03:00\"},{\"@type\":\"WebSite\",\"@id\":\"https:\\\/\\\/www.vilnius-events.lt\\\/en\\\/#website\",\"url\":\"https:\\\/\\\/www.vilnius-events.lt\\\/en\\\/\",\"name\":\"Vilnius Events\",\"inLanguage\":\"en-US\",\"publisher\":{\"@id\":\"https:\\\/\\\/www.vilnius-events.lt\\\/en\\\/#organization\"}}]}\n\t\t<\/script>\n\t\t<!-- All in One SEO -->\n\n","aioseo_head_json":{"title":"Vilnius Fashion Week x Luki\u0161k\u0117s Prison 2.0 | Vilnius Events","description":"One of the most distinctive events of Vilnius Fashion Week returns to Luki\u0161k\u0117s Prison 2.0 \u2013 a unique cultural space where fashion meets the city\u2019s history, creativity and community. On September 5, Luki\u0161k\u0117s Prison will become a meeting place for young designers, creators and fashion lovers for one day. Visitors can look forward to presentations","canonical_url":"https:\/\/www.vilnius-events.lt\/en\/event\/lt-vilnius-fashion-week-x-luki-ki-kal-jimas-2-0\/","robots":"max-image-preview:large","keywords":"free admission,performances and show,art and exhibitions,other,tips of the week","webmasterTools":{"miscellaneous":""},"schema":{"@context":"https:\/\/schema.org","@graph":[{"@type":"BreadcrumbList","@id":"https:\/\/www.vilnius-events.lt\/en\/event\/lt-vilnius-fashion-week-x-luki-ki-kal-jimas-2-0\/#breadcrumblist","itemListElement":[{"@type":"ListItem","@id":"https:\/\/www.vilnius-events.lt\/en#listItem","position":1,"name":"Home","item":"https:\/\/www.vilnius-events.lt\/en","nextItem":{"@type":"ListItem","@id":"https:\/\/www.vilnius-events.lt\/en\/category\/kiti\/#listItem","name":"Other"}},{"@type":"ListItem","@id":"https:\/\/www.vilnius-events.lt\/en\/category\/kiti\/#listItem","position":2,"name":"Other","item":"https:\/\/www.vilnius-events.lt\/en\/category\/kiti\/","nextItem":{"@type":"ListItem","@id":"https:\/\/www.vilnius-events.lt\/en\/category\/kiti\/top-renginiai\/#listItem","name":"Tips of the week"},"previousItem":{"@type":"ListItem","@id":"https:\/\/www.vilnius-events.lt\/en#listItem","name":"Home"}},{"@type":"ListItem","@id":"https:\/\/www.vilnius-events.lt\/en\/category\/kiti\/top-renginiai\/#listItem","position":3,"name":"Tips of the week","item":"https:\/\/www.vilnius-events.lt\/en\/category\/kiti\/top-renginiai\/","nextItem":{"@type":"ListItem","@id":"https:\/\/www.vilnius-events.lt\/en\/event\/lt-vilnius-fashion-week-x-luki-ki-kal-jimas-2-0\/#listItem","name":"Vilnius Fashion Week x Luki\u0161k\u0117s Prison 2.0"},"previousItem":{"@type":"ListItem","@id":"https:\/\/www.vilnius-events.lt\/en\/category\/kiti\/#listItem","name":"Other"}},{"@type":"ListItem","@id":"https:\/\/www.vilnius-events.lt\/en\/event\/lt-vilnius-fashion-week-x-luki-ki-kal-jimas-2-0\/#listItem","position":4,"name":"Vilnius Fashion Week x Luki\u0161k\u0117s Prison 2.0","previousItem":{"@type":"ListItem","@id":"https:\/\/www.vilnius-events.lt\/en\/category\/kiti\/top-renginiai\/#listItem","name":"Tips of the week"}}]},{"@type":"Organization","@id":"https:\/\/www.vilnius-events.lt\/en\/#organization","name":"Go Vilnius","url":"https:\/\/www.vilnius-events.lt\/en\/","logo":{"@type":"ImageObject","url":"https:\/\/www.vilnius-events.lt\/wp-content\/themes\/vilniusevents\/assets\/images\/logo.png","@id":"https:\/\/www.vilnius-events.lt\/en\/event\/lt-vilnius-fashion-week-x-luki-ki-kal-jimas-2-0\/#organizationLogo"},"image":{"@id":"https:\/\/www.vilnius-events.lt\/en\/event\/lt-vilnius-fashion-week-x-luki-ki-kal-jimas-2-0\/#organizationLogo"},"sameAs":["https:\/\/www.instagram.com\/govilnius\/","https:\/\/www.linkedin.com\/company\/go-vilnius"]},{"@type":"WebPage","@id":"https:\/\/www.vilnius-events.lt\/en\/event\/lt-vilnius-fashion-week-x-luki-ki-kal-jimas-2-0\/#webpage","url":"https:\/\/www.vilnius-events.lt\/en\/event\/lt-vilnius-fashion-week-x-luki-ki-kal-jimas-2-0\/","name":"Vilnius Fashion Week x Luki\u0161k\u0117s Prison 2.0 | Vilnius Events","description":"One of the most distinctive events of Vilnius Fashion Week returns to Luki\u0161k\u0117s Prison 2.0 \u2013 a unique cultural space where fashion meets the city\u2019s history, creativity and community. On September 5, Luki\u0161k\u0117s Prison will become a meeting place for young designers, creators and fashion lovers for one day. Visitors can look forward to presentations","inLanguage":"en-US","isPartOf":{"@id":"https:\/\/www.vilnius-events.lt\/en\/#website"},"breadcrumb":{"@id":"https:\/\/www.vilnius-events.lt\/en\/event\/lt-vilnius-fashion-week-x-luki-ki-kal-jimas-2-0\/#breadcrumblist"},"image":{"@type":"ImageObject","url":"https:\/\/www.vilnius-events.lt\/wp-content\/uploads\/2026\/07\/739782083_122146124912417670_1747444160352835555_n.jpg","@id":"https:\/\/www.vilnius-events.lt\/en\/event\/lt-vilnius-fashion-week-x-luki-ki-kal-jimas-2-0\/#mainImage","width":750,"height":600},"primaryImageOfPage":{"@id":"https:\/\/www.vilnius-events.lt\/en\/event\/lt-vilnius-fashion-week-x-luki-ki-kal-jimas-2-0\/#mainImage"},"datePublished":"2026-07-31T23:01:24+03:00","dateModified":"2026-08-12T13:57:49+03:00"},{"@type":"WebSite","@id":"https:\/\/www.vilnius-events.lt\/en\/#website","url":"https:\/\/www.vilnius-events.lt\/en\/","name":"Vilnius Events","inLanguage":"en-US","publisher":{"@id":"https:\/\/www.vilnius-events.lt\/en\/#organization"}}]},"og:locale":"en_US","og:site_name":"Vilnius events","og:type":"article","og:title":"Vilnius Fashion Week x Luki\u0161k\u0117s Prison 2.0 | Vilnius Events","og:description":"One of the most distinctive events of Vilnius Fashion Week returns to Luki\u0161k\u0117s Prison 2.0 \u2013 a unique cultural space where fashion meets the city\u2019s history, creativity and community. On September 5, Luki\u0161k\u0117s Prison will become a meeting place for young designers, creators and fashion lovers for one day. Visitors can look forward to presentations","og:url":"https:\/\/www.vilnius-events.lt\/en\/event\/lt-vilnius-fashion-week-x-luki-ki-kal-jimas-2-0\/","og:image":"https:\/\/www.vilnius-events.lt\/wp-content\/uploads\/2026\/07\/739782083_122146124912417670_1747444160352835555_n.jpg","og:image:secure_url":"https:\/\/www.vilnius-events.lt\/wp-content\/uploads\/2026\/07\/739782083_122146124912417670_1747444160352835555_n.jpg","og:image:width":750,"og:image:height":600,"article:published_time":"2026-07-31T20:01:24+00:00","article:modified_time":"2026-08-12T10:57:49+00:00","article:publisher":"https:\/\/www.facebook.com\/govilnius.lt","twitter:card":"summary","twitter:site":"@govilnius","twitter:title":"Vilnius Fashion Week x Luki\u0161k\u0117s Prison 2.0 | Vilnius Events","twitter:description":"One of the most distinctive events of Vilnius Fashion Week returns to Luki\u0161k\u0117s Prison 2.0 \u2013 a unique cultural space where fashion meets the city\u2019s history, creativity and community. On September 5, Luki\u0161k\u0117s Prison will become a meeting place for young designers, creators and fashion lovers for one day. Visitors can look forward to presentations","twitter:image":"https:\/\/www.vilnius-events.lt\/wp-content\/uploads\/2026\/07\/739782083_122146124912417670_1747444160352835555_n.jpg"},"aioseo_meta_data":{"post_id":"234597","title":null,"description":null,"keywords":null,"keyphrases":{"focus":{"keyphrase":"","score":0,"analysis":{"keyphraseInTitle":{"score":0,"maxScore":9,"error":1}}},"additional":[]},"primary_term":null,"canonical_url":null,"og_title":null,"og_description":null,"og_object_type":"default","og_image_type":"default","og_image_url":null,"og_image_width":null,"og_image_height":null,"og_image_custom_url":null,"og_image_custom_fields":null,"og_video":"","og_custom_url":null,"og_article_section":null,"og_article_tags":null,"twitter_use_og":false,"twitter_card":"default","twitter_image_type":"default","twitter_image_url":null,"twitter_image_custom_url":null,"twitter_image_custom_fields":null,"twitter_title":null,"twitter_description":null,"schema":{"blockGraphs":[],"customGraphs":[],"default":{"data":{"Article":[],"Course":[],"Dataset":[],"FAQPage":[],"Movie":[],"Person":[],"Product":[],"ProductReview":[],"Car":[],"Recipe":[],"Service":[],"SoftwareApplication":[],"WebPage":[]},"graphName":"WebPage","isEnabled":true},"graphs":[]},"schema_type":"default","schema_type_options":null,"pillar_content":false,"robots_default":true,"robots_noindex":false,"robots_noarchive":false,"robots_nosnippet":false,"robots_nofollow":false,"robots_noimageindex":false,"robots_noodp":false,"robots_notranslate":false,"robots_max_snippet":"-1","robots_max_videopreview":"-1","robots_max_imagepreview":"large","priority":null,"frequency":"default","local_seo":null,"breadcrumb_settings":null,"limit_modified_date":false,"ai":{"faqs":[],"keyPoints":[],"schemas":[],"titles":[],"descriptions":[],"socialPosts":{"email":{"subject":"","preview":"","content":""},"linkedin":[],"twitter":[],"facebook":[],"instagram":[]}},"created":"2026-07-31 19:58:38","updated":"2026-08-12 10:57:52","seo_analyzer_scan_date":null,"focus_keyword":null,"additional_keywords":null,"truseo_locale":null},"_links":{"self":[{"href":"https:\/\/www.vilnius-events.lt\/en\/wp-json\/wp\/v2\/event\/234597","targetHints":{"allow":["GET"]}}],"collection":[{"href":"https:\/\/www.vilnius-events.lt\/en\/wp-json\/wp\/v2\/event"}],"about":[{"href":"https:\/\/www.vilnius-events.lt\/en\/wp-json\/wp\/v2\/types\/event"}],"wp:featuredmedia":[{"embeddable":true,"href":"https:\/\/www.vilnius-events.lt\/en\/wp-json\/wp\/v2\/media\/234598"}],"wp:attachment":[{"href":"https:\/\/www.vilnius-events.lt\/en\/wp-json\/wp\/v2\/media?parent=234597"}],"wp:term":[{"taxonomy":"category","embeddable":true,"href":"https:\/\/www.vilnius-events.lt\/en\/wp-json\/wp\/v2\/categories?post=234597"},{"taxonomy":"post_tag","embeddable":true,"href":"https:\/\/www.vilnius-events.lt\/en\/wp-json\/wp\/v2\/tags?post=234597"},{"taxonomy":"ticket-vendor","embeddable":true,"href":"https:\/\/www.vilnius-events.lt\/en\/wp-json\/wp\/v2\/ticket-vendor?post=234597"}],"curies":[{"name":"wp","href":"https:\/\/api.w.org\/{rel}","templated":true}]}}